{"id":863,"date":"2023-05-24T07:51:24","date_gmt":"2023-05-24T07:51:24","guid":{"rendered":"https:\/\/silvia-bucher.ch\/?page_id=863"},"modified":"2024-07-17T09:34:12","modified_gmt":"2024-07-17T09:34:12","slug":"praxis","status":"publish","type":"page","link":"https:\/\/silvia-bucher.ch\/index.php\/praxis\/","title":{"rendered":"Praxis"},"content":{"rendered":"\t\t<div data-elementor-type=\"wp-page\" data-elementor-id=\"863\" class=\"elementor elementor-863\" data-elementor-post-type=\"page\">\n\t\t\t\t\t\t<section class=\"elementor-section elementor-top-section elementor-element elementor-element-4b6d501 elementor-section-height-min-height elementor-section-stretched elementor-section-items-bottom elementor-section-boxed elementor-section-height-default\" data-id=\"4b6d501\" data-element_type=\"section\" data-e-type=\"section\" data-settings=\"{&quot;stretch_section&quot;:&quot;section-stretched&quot;,&quot;background_background&quot;:&quot;classic&quot;}\">\n\t\t\t\t\t\t\t<div class=\"elementor-background-overlay\"><\/div>\n\t\t\t\t\t\t\t<div class=\"elementor-container elementor-column-gap-default\">\n\t\t\t\t\t<div class=\"elementor-column elementor-col-100 elementor-top-column elementor-element elementor-element-a51bf4a animated-slow elementor-invisible\" data-id=\"a51bf4a\" data-element_type=\"column\" data-e-type=\"column\" data-settings=\"{&quot;animation&quot;:&quot;fadeIn&quot;,&quot;animation_delay&quot;:500}\">\n\t\t\t<div class=\"elementor-widget-wrap elementor-element-populated\">\n\t\t\t\t\t\t<div class=\"elementor-element elementor-element-7d58dcf elementor-widget elementor-widget-heading\" data-id=\"7d58dcf\" data-element_type=\"widget\" data-e-type=\"widget\" data-widget_type=\"heading.default\">\n\t\t\t\t<div class=\"elementor-widget-container\">\n\t\t\t\t\t<h2 class=\"elementor-heading-title elementor-size-default\">Home\n\/\nKinesiologie<\/h2>\t\t\t\t<\/div>\n\t\t\t\t<\/div>\n\t\t\t\t<div class=\"elementor-element elementor-element-b2819d0 elementor-widget-mobile__width-initial elementor-widget elementor-widget-heading\" data-id=\"b2819d0\" data-element_type=\"widget\" data-e-type=\"widget\" data-widget_type=\"heading.default\">\n\t\t\t\t<div class=\"elementor-widget-container\">\n\t\t\t\t\t<h2 class=\"elementor-heading-title elementor-size-default\">Willkommen in meiner Praxis<\/h2>\t\t\t\t<\/div>\n\t\t\t\t<\/div>\n\t\t\t\t<div class=\"elementor-element elementor-element-cc87e63 elementor-widget elementor-widget-spacer\" data-id=\"cc87e63\" data-element_type=\"widget\" data-e-type=\"widget\" data-widget_type=\"spacer.default\">\n\t\t\t\t<div class=\"elementor-widget-container\">\n\t\t\t\t\t\t\t<div class=\"elementor-spacer\">\n\t\t\t<div class=\"elementor-spacer-inner\"><\/div>\n\t\t<\/div>\n\t\t\t\t\t\t<\/div>\n\t\t\t\t<\/div>\n\t\t\t\t\t<\/div>\n\t\t<\/div>\n\t\t\t\t\t<\/div>\n\t\t<\/section>\n\t\t\t\t<section class=\"elementor-section elementor-top-section elementor-element elementor-element-db6fb4c elementor-section-boxed elementor-section-height-default elementor-section-height-default\" data-id=\"db6fb4c\" data-element_type=\"section\" data-e-type=\"section\" data-settings=\"{&quot;background_background&quot;:&quot;classic&quot;}\">\n\t\t\t\t\t\t<div class=\"elementor-container elementor-column-gap-extended\">\n\t\t\t\t\t<div class=\"elementor-column elementor-col-50 elementor-top-column elementor-element elementor-element-470def4 animated-slow elementor-invisible\" data-id=\"470def4\" data-element_type=\"column\" data-e-type=\"column\" data-settings=\"{&quot;animation&quot;:&quot;fadeInLeft&quot;,&quot;animation_delay&quot;:500}\">\n\t\t\t<div class=\"elementor-widget-wrap elementor-element-populated\">\n\t\t\t\t\t\t<div class=\"elementor-element elementor-element-f5cb357 elementor-widget elementor-widget-heading\" data-id=\"f5cb357\" data-element_type=\"widget\" data-e-type=\"widget\" data-widget_type=\"heading.default\">\n\t\t\t\t<div class=\"elementor-widget-container\">\n\t\t\t\t\t<h2 class=\"elementor-heading-title elementor-size-default\">Die Praxis bietet Ihnen einen gesch\u00fctzten Raum. <br \/><\/h2>\t\t\t\t<\/div>\n\t\t\t\t<\/div>\n\t\t\t\t\t<\/div>\n\t\t<\/div>\n\t\t\t\t<div class=\"elementor-column elementor-col-50 elementor-top-column elementor-element elementor-element-63626d4 animated-slow elementor-invisible\" data-id=\"63626d4\" data-element_type=\"column\" data-e-type=\"column\" data-settings=\"{&quot;animation&quot;:&quot;fadeInRight&quot;,&quot;animation_delay&quot;:500}\">\n\t\t\t<div class=\"elementor-widget-wrap elementor-element-populated\">\n\t\t\t\t\t\t<div class=\"elementor-element elementor-element-9a75d03 elementor-widget__width-initial elementor-widget elementor-widget-heading\" data-id=\"9a75d03\" data-element_type=\"widget\" data-e-type=\"widget\" data-widget_type=\"heading.default\">\n\t\t\t\t<div class=\"elementor-widget-container\">\n\t\t\t\t\t<h2 class=\"elementor-heading-title elementor-size-default\">Hier k\u00f6nnen Sie sich selbst begegnen. Farbbrillen, Stimmgabeln, \u00e4therische \u00d6le, Pommander und Bachbl\u00fcten unterst\u00fctzen meine Arbeit.<\/h2>\t\t\t\t<\/div>\n\t\t\t\t<\/div>\n\t\t\t\t\t<\/div>\n\t\t<\/div>\n\t\t\t\t\t<\/div>\n\t\t<\/section>\n\t\t\t\t<section class=\"elementor-section elementor-top-section elementor-element elementor-element-884d66b elementor-section-boxed elementor-section-height-default elementor-section-height-default\" data-id=\"884d66b\" data-element_type=\"section\" data-e-type=\"section\" data-settings=\"{&quot;background_background&quot;:&quot;classic&quot;}\">\n\t\t\t\t\t\t<div class=\"elementor-container elementor-column-gap-default\">\n\t\t\t\t\t<div class=\"elementor-column elementor-col-100 elementor-top-column elementor-element elementor-element-e744b89\" data-id=\"e744b89\" data-element_type=\"column\" data-e-type=\"column\">\n\t\t\t<div class=\"elementor-widget-wrap elementor-element-populated\">\n\t\t\t\t\t\t<div class=\"elementor-element elementor-element-ac3aab8 elementor-widget elementor-widget-gallery\" data-id=\"ac3aab8\" data-element_type=\"widget\" data-e-type=\"widget\" data-settings=\"{&quot;gallery_layout&quot;:&quot;justified&quot;,&quot;ideal_row_height&quot;:{&quot;unit&quot;:&quot;px&quot;,&quot;size&quot;:341,&quot;sizes&quot;:[]},&quot;lazyload&quot;:&quot;yes&quot;,&quot;ideal_row_height_widescreen&quot;:{&quot;unit&quot;:&quot;px&quot;,&quot;size&quot;:&quot;&quot;,&quot;sizes&quot;:[]},&quot;ideal_row_height_laptop&quot;:{&quot;unit&quot;:&quot;px&quot;,&quot;size&quot;:150,&quot;sizes&quot;:[]},&quot;ideal_row_height_tablet_extra&quot;:{&quot;unit&quot;:&quot;px&quot;,&quot;size&quot;:150,&quot;sizes&quot;:[]},&quot;ideal_row_height_tablet&quot;:{&quot;unit&quot;:&quot;px&quot;,&quot;size&quot;:150,&quot;sizes&quot;:[]},&quot;ideal_row_height_mobile_extra&quot;:{&quot;unit&quot;:&quot;px&quot;,&quot;size&quot;:150,&quot;sizes&quot;:[]},&quot;ideal_row_height_mobile&quot;:{&quot;unit&quot;:&quot;px&quot;,&quot;size&quot;:150,&quot;sizes&quot;:[]},&quot;gap&quot;:{&quot;unit&quot;:&quot;px&quot;,&quot;size&quot;:10,&quot;sizes&quot;:[]},&quot;gap_widescreen&quot;:{&quot;unit&quot;:&quot;px&quot;,&quot;size&quot;:&quot;&quot;,&quot;sizes&quot;:[]},&quot;gap_laptop&quot;:{&quot;unit&quot;:&quot;px&quot;,&quot;size&quot;:10,&quot;sizes&quot;:[]},&quot;gap_tablet_extra&quot;:{&quot;unit&quot;:&quot;px&quot;,&quot;size&quot;:10,&quot;sizes&quot;:[]},&quot;gap_tablet&quot;:{&quot;unit&quot;:&quot;px&quot;,&quot;size&quot;:10,&quot;sizes&quot;:[]},&quot;gap_mobile_extra&quot;:{&quot;unit&quot;:&quot;px&quot;,&quot;size&quot;:10,&quot;sizes&quot;:[]},&quot;gap_mobile&quot;:{&quot;unit&quot;:&quot;px&quot;,&quot;size&quot;:10,&quot;sizes&quot;:[]},&quot;link_to&quot;:&quot;file&quot;,&quot;overlay_background&quot;:&quot;yes&quot;,&quot;content_hover_animation&quot;:&quot;fade-in&quot;}\" data-widget_type=\"gallery.default\">\n\t\t\t\t<div class=\"elementor-widget-container\">\n\t\t\t\t\t\t\t<div class=\"elementor-gallery__container\">\n\t\t\t\t\t\t\t<a class=\"e-gallery-item elementor-gallery-item elementor-animated-content\" href=\"https:\/\/silvia-bucher.ch\/wp-content\/uploads\/2023\/05\/Wartraum-mit-Pflanze-scaled.jpg\" data-elementor-open-lightbox=\"yes\" data-elementor-lightbox-slideshow=\"ac3aab8\" data-elementor-lightbox-title=\"Wartraum mit Pflanze\" data-e-action-hash=\"#elementor-action%3Aaction%3Dlightbox%26settings%3DeyJpZCI6ODA2LCJ1cmwiOiJodHRwczpcL1wvc2lsdmlhLWJ1Y2hlci5jaFwvd3AtY29udGVudFwvdXBsb2Fkc1wvMjAyM1wvMDVcL1dhcnRyYXVtLW1pdC1QZmxhbnplLXNjYWxlZC5qcGciLCJzbGlkZXNob3ciOiJhYzNhYWI4In0%3D\">\n\t\t\t\t\t<div class=\"e-gallery-image elementor-gallery-item__image\" data-thumbnail=\"https:\/\/silvia-bucher.ch\/wp-content\/uploads\/2023\/05\/Wartraum-mit-Pflanze-scaled.jpg\" data-width=\"2560\" data-height=\"1920\" aria-label=\"\" role=\"img\" ><\/div>\n\t\t\t\t\t\t\t\t\t\t\t<div class=\"elementor-gallery-item__overlay\"><\/div>\n\t\t\t\t\t\t\t\t\t\t\t\t\t\t<\/a>\n\t\t\t\t\t\t\t<a class=\"e-gallery-item elementor-gallery-item elementor-animated-content\" href=\"https:\/\/silvia-bucher.ch\/wp-content\/uploads\/2023\/05\/IMG_1892-scaled.jpg\" data-elementor-open-lightbox=\"yes\" data-elementor-lightbox-slideshow=\"ac3aab8\" data-elementor-lightbox-title=\"IMG_1892\" data-e-action-hash=\"#elementor-action%3Aaction%3Dlightbox%26settings%3DeyJpZCI6Nzg1LCJ1cmwiOiJodHRwczpcL1wvc2lsdmlhLWJ1Y2hlci5jaFwvd3AtY29udGVudFwvdXBsb2Fkc1wvMjAyM1wvMDVcL0lNR18xODkyLXNjYWxlZC5qcGciLCJzbGlkZXNob3ciOiJhYzNhYWI4In0%3D\">\n\t\t\t\t\t<div class=\"e-gallery-image elementor-gallery-item__image\" data-thumbnail=\"https:\/\/silvia-bucher.ch\/wp-content\/uploads\/2023\/05\/IMG_1892-scaled.jpg\" data-width=\"1920\" data-height=\"2560\" aria-label=\"\" role=\"img\" ><\/div>\n\t\t\t\t\t\t\t\t\t\t\t<div class=\"elementor-gallery-item__overlay\"><\/div>\n\t\t\t\t\t\t\t\t\t\t\t\t\t\t<\/a>\n\t\t\t\t\t\t\t<a class=\"e-gallery-item elementor-gallery-item elementor-animated-content\" href=\"https:\/\/silvia-bucher.ch\/wp-content\/uploads\/2023\/05\/IMG_1884-1-scaled.jpg\" data-elementor-open-lightbox=\"yes\" data-elementor-lightbox-slideshow=\"ac3aab8\" data-elementor-lightbox-title=\"IMG_1884 (1)\" data-e-action-hash=\"#elementor-action%3Aaction%3Dlightbox%26settings%3DeyJpZCI6NzgzLCJ1cmwiOiJodHRwczpcL1wvc2lsdmlhLWJ1Y2hlci5jaFwvd3AtY29udGVudFwvdXBsb2Fkc1wvMjAyM1wvMDVcL0lNR18xODg0LTEtc2NhbGVkLmpwZyIsInNsaWRlc2hvdyI6ImFjM2FhYjgifQ%3D%3D\">\n\t\t\t\t\t<div class=\"e-gallery-image elementor-gallery-item__image\" data-thumbnail=\"https:\/\/silvia-bucher.ch\/wp-content\/uploads\/2023\/05\/IMG_1884-1-scaled.jpg\" data-width=\"2560\" data-height=\"1920\" aria-label=\"\" role=\"img\" ><\/div>\n\t\t\t\t\t\t\t\t\t\t\t<div class=\"elementor-gallery-item__overlay\"><\/div>\n\t\t\t\t\t\t\t\t\t\t\t\t\t\t<\/a>\n\t\t\t\t\t\t\t<a class=\"e-gallery-item elementor-gallery-item elementor-animated-content\" href=\"https:\/\/silvia-bucher.ch\/wp-content\/uploads\/2023\/05\/IMG_0346-scaled.jpg\" data-elementor-open-lightbox=\"yes\" data-elementor-lightbox-slideshow=\"ac3aab8\" data-elementor-lightbox-title=\"IMG_0346\" data-e-action-hash=\"#elementor-action%3Aaction%3Dlightbox%26settings%3DeyJpZCI6Mzk3LCJ1cmwiOiJodHRwczpcL1wvc2lsdmlhLWJ1Y2hlci5jaFwvd3AtY29udGVudFwvdXBsb2Fkc1wvMjAyM1wvMDVcL0lNR18wMzQ2LXNjYWxlZC5qcGciLCJzbGlkZXNob3ciOiJhYzNhYWI4In0%3D\">\n\t\t\t\t\t<div class=\"e-gallery-image elementor-gallery-item__image\" data-thumbnail=\"https:\/\/silvia-bucher.ch\/wp-content\/uploads\/2023\/05\/IMG_0346-scaled.jpg\" data-width=\"2560\" data-height=\"1920\" aria-label=\"\" role=\"img\" ><\/div>\n\t\t\t\t\t\t\t\t\t\t\t<div class=\"elementor-gallery-item__overlay\"><\/div>\n\t\t\t\t\t\t\t\t\t\t\t\t\t\t<\/a>\n\t\t\t\t\t\t\t<a class=\"e-gallery-item elementor-gallery-item elementor-animated-content\" href=\"https:\/\/silvia-bucher.ch\/wp-content\/uploads\/2023\/05\/160308_praxis_klangschalen1.jpg\" data-elementor-open-lightbox=\"yes\" data-elementor-lightbox-slideshow=\"ac3aab8\" data-elementor-lightbox-title=\"OLYMPUS DIGITAL CAMERA\" data-e-action-hash=\"#elementor-action%3Aaction%3Dlightbox%26settings%3DeyJpZCI6NzQ0LCJ1cmwiOiJodHRwczpcL1wvc2lsdmlhLWJ1Y2hlci5jaFwvd3AtY29udGVudFwvdXBsb2Fkc1wvMjAyM1wvMDVcLzE2MDMwOF9wcmF4aXNfa2xhbmdzY2hhbGVuMS5qcGciLCJzbGlkZXNob3ciOiJhYzNhYWI4In0%3D\">\n\t\t\t\t\t<div class=\"e-gallery-image elementor-gallery-item__image\" data-thumbnail=\"https:\/\/silvia-bucher.ch\/wp-content\/uploads\/2023\/05\/160308_praxis_klangschalen1.jpg\" data-width=\"1200\" data-height=\"900\" aria-label=\"\" role=\"img\" ><\/div>\n\t\t\t\t\t\t\t\t\t\t\t<div class=\"elementor-gallery-item__overlay\"><\/div>\n\t\t\t\t\t\t\t\t\t\t\t\t\t\t<\/a>\n\t\t\t\t\t\t\t<a class=\"e-gallery-item elementor-gallery-item elementor-animated-content\" href=\"https:\/\/silvia-bucher.ch\/wp-content\/uploads\/2023\/05\/klangstimmgabeln.jpg\" data-elementor-open-lightbox=\"yes\" data-elementor-lightbox-slideshow=\"ac3aab8\" data-elementor-lightbox-title=\"klangstimmgabeln\" data-e-action-hash=\"#elementor-action%3Aaction%3Dlightbox%26settings%3DeyJpZCI6NzQwLCJ1cmwiOiJodHRwczpcL1wvc2lsdmlhLWJ1Y2hlci5jaFwvd3AtY29udGVudFwvdXBsb2Fkc1wvMjAyM1wvMDVcL2tsYW5nc3RpbW1nYWJlbG4uanBnIiwic2xpZGVzaG93IjoiYWMzYWFiOCJ9\">\n\t\t\t\t\t<div class=\"e-gallery-image elementor-gallery-item__image\" data-thumbnail=\"https:\/\/silvia-bucher.ch\/wp-content\/uploads\/2023\/05\/klangstimmgabeln.jpg\" data-width=\"410\" data-height=\"600\" aria-label=\"\" role=\"img\" ><\/div>\n\t\t\t\t\t\t\t\t\t\t\t<div class=\"elementor-gallery-item__overlay\"><\/div>\n\t\t\t\t\t\t\t\t\t\t\t\t\t\t<\/a>\n\t\t\t\t\t\t\t<a class=\"e-gallery-item elementor-gallery-item elementor-animated-content\" href=\"https:\/\/silvia-bucher.ch\/wp-content\/uploads\/2023\/05\/160308_praxis_klangschalen2.jpg\" data-elementor-open-lightbox=\"yes\" data-elementor-lightbox-slideshow=\"ac3aab8\" data-elementor-lightbox-title=\"160308_praxis_klangschalen2\" data-e-action-hash=\"#elementor-action%3Aaction%3Dlightbox%26settings%3DeyJpZCI6NzM5LCJ1cmwiOiJodHRwczpcL1wvc2lsdmlhLWJ1Y2hlci5jaFwvd3AtY29udGVudFwvdXBsb2Fkc1wvMjAyM1wvMDVcLzE2MDMwOF9wcmF4aXNfa2xhbmdzY2hhbGVuMi5qcGciLCJzbGlkZXNob3ciOiJhYzNhYWI4In0%3D\">\n\t\t\t\t\t<div class=\"e-gallery-image elementor-gallery-item__image\" data-thumbnail=\"https:\/\/silvia-bucher.ch\/wp-content\/uploads\/2023\/05\/160308_praxis_klangschalen2.jpg\" data-width=\"692\" data-height=\"500\" aria-label=\"\" role=\"img\" ><\/div>\n\t\t\t\t\t\t\t\t\t\t\t<div class=\"elementor-gallery-item__overlay\"><\/div>\n\t\t\t\t\t\t\t\t\t\t\t\t\t\t<\/a>\n\t\t\t\t\t\t\t<a class=\"e-gallery-item elementor-gallery-item elementor-animated-content\" href=\"https:\/\/silvia-bucher.ch\/wp-content\/uploads\/2023\/05\/klangbett.jpg\" data-elementor-open-lightbox=\"yes\" data-elementor-lightbox-slideshow=\"ac3aab8\" data-elementor-lightbox-title=\"klangbett\" data-e-action-hash=\"#elementor-action%3Aaction%3Dlightbox%26settings%3DeyJpZCI6NzI5LCJ1cmwiOiJodHRwczpcL1wvc2lsdmlhLWJ1Y2hlci5jaFwvd3AtY29udGVudFwvdXBsb2Fkc1wvMjAyM1wvMDVcL2tsYW5nYmV0dC5qcGciLCJzbGlkZXNob3ciOiJhYzNhYWI4In0%3D\">\n\t\t\t\t\t<div class=\"e-gallery-image elementor-gallery-item__image\" data-thumbnail=\"https:\/\/silvia-bucher.ch\/wp-content\/uploads\/2023\/05\/klangbett.jpg\" data-width=\"1200\" data-height=\"462\" aria-label=\"\" role=\"img\" ><\/div>\n\t\t\t\t\t\t\t\t\t\t\t<div class=\"elementor-gallery-item__overlay\"><\/div>\n\t\t\t\t\t\t\t\t\t\t\t\t\t\t<\/a>\n\t\t\t\t\t<\/div>\n\t\t\t\t\t<\/div>\n\t\t\t\t<\/div>\n\t\t\t\t\t<\/div>\n\t\t<\/div>\n\t\t\t\t\t<\/div>\n\t\t<\/section>\n\t\t\t\t<\/div>\n\t\t","protected":false},"excerpt":{"rendered":"<p>Home \/ Kinesiologie Willkommen in meiner Praxis Die Praxis bietet Ihnen einen gesch\u00fctzten Raum. Hier k\u00f6nnen Sie sich selbst begegnen. Farbbrillen, Stimmgabeln, \u00e4therische \u00d6le, Pommander und Bachbl\u00fcten unterst\u00fctzen meine Arbeit.<\/p>\n","protected":false},"author":1,"featured_media":0,"parent":0,"menu_order":0,"comment_status":"closed","ping_status":"closed","template":"elementor_header_footer","meta":{"footnotes":""},"class_list":["post-863","page","type-page","status-publish"],"_links":{"self":[{"href":"https:\/\/silvia-bucher.ch\/index.php\/wp-json\/wp\/v2\/pages\/863","targetHints":{"allow":["GET"]}}],"collection":[{"href":"https:\/\/silvia-bucher.ch\/index.php\/wp-json\/wp\/v2\/pages"}],"about":[{"href":"https:\/\/silvia-bucher.ch\/index.php\/wp-json\/wp\/v2\/types\/page"}],"author":[{"embeddable":true,"href":"https:\/\/silvia-bucher.ch\/index.php\/wp-json\/wp\/v2\/users\/1"}],"replies":[{"embeddable":true,"href":"https:\/\/silvia-bucher.ch\/index.php\/wp-json\/wp\/v2\/comments?post=863"}],"version-history":[{"count":5,"href":"https:\/\/silvia-bucher.ch\/index.php\/wp-json\/wp\/v2\/pages\/863\/revisions"}],"predecessor-version":[{"id":1511,"href":"https:\/\/silvia-bucher.ch\/index.php\/wp-json\/wp\/v2\/pages\/863\/revisions\/1511"}],"wp:attachment":[{"href":"https:\/\/silvia-bucher.ch\/index.php\/wp-json\/wp\/v2\/media?parent=863"}],"curies":[{"name":"wp","href":"https:\/\/api.w.org\/{rel}","templated":true}]}}